{"id":1375,"date":"2023-08-11T04:18:22","date_gmt":"2023-08-11T04:18:22","guid":{"rendered":"https:\/\/www.growdigital.gov.ie\/data-privacy\/"},"modified":"2024-07-22T07:02:15","modified_gmt":"2024-07-22T07:02:15","slug":"data-privacy","status":"publish","type":"page","link":"https:\/\/www.growdigital.gov.ie\/ga\/data-privacy\/","title":{"rendered":"R\u00e1iteas Pr\u00edobh\u00e1ideachta"},"content":{"rendered":"<h2>R\u00e1iteas um Chosaint Sonra\u00ed<\/h2>\n<p>T\u00e1 do phr\u00edobh\u00e1ideachas t\u00e1bhachtach d\u00fainn, agus t\u00e1imid tiomanta go hioml\u00e1n do chuid faisn\u00e9ise pearsanta a choinne\u00e1il s\u00e1bh\u00e1ilte. T\u00e1 s\u00e9 mar aidhm ag an r\u00e1iteas cosanta sonra\u00ed seo faisn\u00e9is a shol\u00e1thar duit faoin bhfaisn\u00e9is phearsanta a bhail\u00edmid f\u00fat agus conas a \u00fas\u00e1idtear agus a roinntear an fhaisn\u00e9is sin. Leagann s\u00e9 amach freisin do chearta pr\u00edobh\u00e1ideachais. T\u00f3g n\u00f3im\u00e9ad le do thoil chun t\u00fa f\u00e9in a chur i dtaith\u00ed ar \u00e1r gcleachtais phr\u00edobh\u00e1ideachais ionas go mbeidh t\u00fa ar an eolas go hioml\u00e1n faoi conas agus c\u00e9n f\u00e1th a bhfuilimid ag \u00fas\u00e1id do shonra\u00ed pearsanta.<\/p>\n<h2>Cad \u00e9 tairseach Grow Digital?<\/h2>\n<p>Tionscnamh de chuid Rialtas na h\u00c9ireann is ea an tairseach\u00a0<strong>Grow Digital<\/strong>, arna fhorbairt ag <a href=\"https:\/\/enterprise.gov.ie\/en\/\">an\u00a0Roinn Fiontair, Tr\u00e1d\u00e1la agus Fosta\u00edochta<\/a>. T\u00e1 an tairseach seo deartha chun cabhr\u00fa le do ghn\u00f3 f\u00e9inmheas\u00fan\u00fa a dh\u00e9anamh ar d\u2019ullmhacht digiteach agus bearta agus taca\u00edochta\u00ed molta a shol\u00e1thar chun cabhr\u00fa leat digiti\u00fa do ghn\u00f3 a fheabhs\u00fa.<\/p>\n<h2>Rialaitheoir Sonra\u00ed<\/h2>\n<p>Chun cr\u00edocha an r\u00e1itis cosanta sonra\u00ed seo, is \u00e9 <a href=\"https:\/\/enterprise.gov.ie\/en\/who-we-are\/ministers\/\">an\u00a0Aire Fiontair, Tr\u00e1d\u00e1la agus Fosta\u00edochta\u00a0an\u00a0Rialaitheoir Sonra\u00ed<\/a>\u00a0don tairseach\u00a0<strong>Grow Digital<\/strong>.<\/p>\n<p>Cialla\u00edonn s\u00e9 seo go bhfuil freagrachta\u00ed \u00e1irithe orainn nuair a dh\u00e9anaimid pr\u00f3ise\u00e1il n\u00f3 \u201c\u00fas\u00e1id\u201d ar do Shonra\u00ed Pearsanta. \u00c1ir\u00edtear mar chuid de na freagrachta\u00ed seo go gcuirfimid faisn\u00e9is ar f\u00e1il duit faoi do shonra\u00ed pearsanta. T\u00e1 an fhaisn\u00e9is seo leagtha amach sa R\u00e1iteas um Chosaint Sonra\u00ed seo.<\/p>\n<h2>\u00c1r nOifigeach Cosanta Sonra\u00ed<\/h2>\n<p>T\u00e1\u00a0<strong>Oifigeach\u00a0Cosanta Sonra\u00ed<\/strong>\u00a0 ceaptha againn,\u00a0<strong>Celyna Coughlan<\/strong>\u00a0Uasal chun teagmh\u00e1il a dh\u00e9anamh leat m\u00e1 t\u00e1 aon cheist agat maidir leis an r\u00e1iteas cosanta sonra\u00ed seo, len\u00e1r gcleachtais phr\u00edobh\u00e1ideachais n\u00f3 m\u00e1s mian leat do chearta sonra\u00ed a fheidhmi\u00fa. Is f\u00e9idir teagmh\u00e1il a dh\u00e9anamh len\u00e1r nOifigeach Cosanta Sonra\u00ed tr\u00ed r\u00edomhphost ag:\u00a0<a href=\"mailto:dataprotection@enterprise.gov.ie\">dataprotection@enterprise.gov.ie<\/a>. Is m\u00f3r againn do thuairim\u00ed. M\u00e1 t\u00e1 aon cheist n\u00f3 tuairim\u00ed agat a bhaineann leis an r\u00e1iteas cosanta sonra\u00ed seo, d\u00e9an teagmh\u00e1il linn le do thoil ag:\u00a0<a href=\"mailto:dataprotection@enterprise.gov.ie\">dataprotection@enterprise.gov.ie<\/a>.<\/p>\n<h2>Baili\u00fa agus \u00fas\u00e1id do Shonra\u00ed Pearsanta<\/h2>\n<p>T\u00e1 meas ioml\u00e1n againn ar do cheart chun pr\u00edobh\u00e1ideachta agus r\u00fandachta. D\u00e9ile\u00e1lfar le haon fhaisn\u00e9is phearsanta a chuireann t\u00fa isteach ar thairseach\u00a0<strong>Grow Digital<\/strong>\u00a0leis na caighde\u00e1in is airde sl\u00e1nd\u00e1la agus r\u00fandachta, go docht de r\u00e9ir \u00e1r n-oibleag\u00e1id\u00ed faoin\u00a0<a href=\"https:\/\/eur-lex.europa.eu\/legal-content\/EN\/TXT\/PDF\/?uri=CELEX:32016R0679&amp;from=EN\">Rialach\u00e1n Ginear\u00e1lta um Chosaint Sonra\u00ed (GDPR)<\/a>\u00a0agus\u00a0<a href=\"https:\/\/www.irishstatutebook.ie\/eli\/2018\/act\/7\/enacted\/en\/html\">an tAcht um Chosaint Sonra\u00ed 2018<\/a>.<\/p>\n<h2><\/h2>\n<p>F\u00e9adfaidh na nithe seo a leanas a bheith i measc na sonra\u00ed a bhail\u00edtear:<\/p>\n<ul>\n<li><strong>Faisn\u00e9is a roghna\u00edonn t\u00fa a ionchur lena n-\u00e1ir\u00edtear: (beidh s\u00e9 seo gan ainm)<\/strong>\n<ul>\n<li>Cine\u00e1l earn\u00e1la gn\u00f3.<\/li>\n<li>L\u00edon na mball foirne a fhosta\u00edonn do ghn\u00f3.<\/li>\n<li>Su\u00edomh geografach do ghn\u00f3.<\/li>\n<li>M\u00e1 onnmhair\u00edonn do ghn\u00f3 t\u00e1irg\u00ed n\u00f3 seirbh\u00eds\u00ed faoi l\u00e1thair n\u00f3 m\u00e1 t\u00e1 s\u00e9 beartaithe aige \u00e9 sin a dh\u00e9anamh sa ghearrth\u00e9arma.<\/li>\n<li>M\u00e1 t\u00e1 do ghn\u00f3 lonnaithe i r\u00e9igi\u00fan Gaeltachta.<\/li>\n<li>M\u00e1s cliant de ghn\u00edomhaireacht Rialtais \u00e9 do ghn\u00f3 (i.e. an Oifig Fiontair \u00c1iti\u00fail, Fiontra\u00edocht \u00c9ireann, \u00dadar\u00e1s na Gaeltachta, GFT \u00c9ireann) n\u00f3 mura cliant de chuid na nithe thuas \u00e9 do ghn\u00f3.<\/li>\n<\/ul>\n<\/li>\n<\/ul>\n<ul>\n<li><strong>S\u00ednti\u00fas R\u00edomhphoist \u2013 <\/strong>M\u00e1 roghna\u00edonn t\u00fa s\u00ednti\u00fas a \u00edoc len\u00e1r nuashonruithe r\u00edomhphoist, coinneoimid do shonra\u00ed teagmh\u00e1la (ainm agus seoladh r\u00edomhphoist) chun ligean d\u00fainn nuashonruithe a sheoladh chugat maidir leis an tairseach Grow Digital.<\/li>\n<\/ul>\n<h2>Faisn\u00e9is theicni\u00fail a bhaili\u00fa agus a \u00fas\u00e1id<\/h2>\n<p>Cad \u00e9 \u00e1r mbonn dl\u00edthi\u00fail chun do shonra\u00ed pearsanta a \u00fas\u00e1id?<\/p>\n<p>Ceangla\u00edtear orainn faoin dl\u00ed um chosaint sonra\u00ed an bun\u00fas dl\u00ed a bhaineann len\u00e1r n-\u00fas\u00e1id de do shonra\u00ed pearsanta a chur in i\u00fal duit. Is \u00e9 an bun\u00fas dl\u00ed at\u00e1 againn le pr\u00f3ise\u00e1il n\u00f3 \u201c\u00fas\u00e1id\u201d do shonra\u00ed pearsanta don tairseach\u00a0<strong>Grow Digital<\/strong>\u00a0:<\/p>\n<p>Airteagal 6(1)(e)\u00a0<a href=\"https:\/\/eur-lex.europa.eu\/legal-content\/EN\/TXT\/PDF\/?uri=CELEX:32016R0679&amp;from=EN\">GDPR<\/a>\u00a0\u2013 t\u00e1 pr\u00f3ise\u00e1il riachtanach chun\u00a0<strong>tasc a chur i gcr\u00edch ar mhaithe le leas an phobail<\/strong>\u00a0n\u00f3 i\u00a0gcleachtadh <strong>\u00fadar\u00e1is oifigi\u00fail at\u00e1 d\u00edlsithe don Rialaitheoir<\/strong>\u00a0(sa ch\u00e1s seo is \u00e9 an <a href=\"https:\/\/enterprise.gov.ie\/en\/who-we-are\/ministers\/\">Rialaitheoir an\u00a0Aire Fiontair, Tr\u00e1d\u00e1la agus Fosta\u00edocht<\/a>; an \u201cRoinn\u201d).<\/p>\n<p>C\u00e9 aige a bhfuil rochtain ar do shonra\u00ed pearsanta?<\/p>\n<p>Foireann sa Roinn Fiontar, Tr\u00e1d\u00e1la agus Fosta\u00edochta at\u00e1 freagrach as an tairseach <strong>Grow Digital<\/strong>.<\/p>\n<p>Cuirfidh t\u00fa an fhaisn\u00e9is seo ar f\u00e1il nuair a chuirfidh t\u00fa sonra\u00ed isteach sa tairseach\u00a0<strong>Grow Digital<\/strong>.<\/p>\n<p>D\u2019fh\u00e9adfadh go roinnfimid do shonra\u00ed pearsanta gan ainm le tr\u00ed\u00fa p\u00e1irtithe (m.sh. gn\u00edomhaireachta\u00ed st\u00e1it eile) chun \u00e1r n-oibleag\u00e1id\u00ed dl\u00edthi\u00fala, an rialach\u00e1n infheidhmithe n\u00f3 iarratais dleathacha eile a chomhl\u00edonadh.<\/p>\n<p>St\u00f3r\u00e1il agus coinne\u00e1il sonra\u00ed<\/p>\n<p>St\u00f3r\u00e1lann an\u00a0<a href=\"https:\/\/enterprise.gov.ie\/en\/\">Roinn Fiontair, Tr\u00e1d\u00e1la agus Fosta\u00edochta<\/a>\u00a0do shonra\u00ed pearsanta go sl\u00e1n agus n\u00ed choinneoidh n\u00f3 n\u00ed \u00fas\u00e1idfidh s\u00ed do chuid faisn\u00e9ise pearsanta ar feadh tr\u00e9imhse n\u00edos faide n\u00e1 mar is g\u00e1.<\/p>\n<p>Coinneoidh an\u00a0<a href=\"https:\/\/enterprise.gov.ie\/en\/\">Roinn Fiontair, Tr\u00e1d\u00e1la agus Fosta\u00edochta<\/a> na sonra\u00ed pearsanta (ainm agus seoladh r\u00edomhphoist) a chuir t\u00fa ar f\u00e1il ar an tairseach Grow Digital ar feadh tr\u00e9imhse <strong>3\u00a0Bliana<\/strong> \u00f3n d\u00e1ta a liost\u00e1lann t\u00fa le s\u00ednti\u00fas r\u00edomhphoist.<\/p>\n<p>Scriosfar na sonra\u00ed pearsanta seo go sl\u00e1n ar aon dul len\u00e1r bpr\u00f3isis bhainist\u00edochta taifead tar \u00e9is an d\u00e1ta sin.<\/p>\n<h2>Aistrithe idirn\u00e1isi\u00fanta<\/h2>\n<p>N\u00ed aistr\u00edmid do shonra\u00ed pearsanta lasmuigh den\u00a0<a href=\"https:\/\/www.irishimmigration.ie\/\">Limist\u00e9ar Eorpach Eacnama\u00edoch (LEE)<\/a>.<\/p>\n<h2>Do chearta sonra\u00ed<\/h2>\n<p>T\u00e1 cearta \u00e1irithe agat faoin dl\u00ed um chosaint sonra\u00ed maidir leis an gcaoi a n-\u00fas\u00e1idimid do chuid faisn\u00e9ise pearsanta. T\u00e1 an ceart agat, saor in aisce, chun:<\/p>\n<ul>\n<li>Iarr\u00a0<strong>c\u00f3ip<\/strong>\u00a0den fhaisn\u00e9is phearsanta at\u00e1 againn f\u00fat. Is f\u00e9idir leat \u00e9 seo a dh\u00e9anamh tr\u00ed fhoirm\u00a0<a href=\"https:\/\/dbei.gov.ie\/en\/Data-Protection\/\">Iarratas Rochtana \u00c1bhar<\/a>\u00a0(SAR) a chomhl\u00e1n\u00fa. T\u00e1 c\u00f3ip den fhoirm ar f\u00e1il\u00a0<a href=\"https:\/\/dbei.gov.ie\/en\/Publications\/DP-Subject-Access-Request-Form.html\">anseo<\/a>.<\/li>\n<li><strong>Ceart\u00fa <\/strong>a dh\u00e9anamh ar\u00a0aon\u00a0fhaisn\u00e9is\u00a0phearsanta\u00a0<strong>mh\u00edchruinn<\/strong> at\u00e1 againn f\u00fat. M\u00e1 t\u00e1 do shonra\u00ed pearsanta neamhioml\u00e1n, t\u00e1 s\u00e9 de cheart agat sonra\u00ed a bheith comhl\u00e1naithe, lena n-\u00e1ir\u00edtear tr\u00ed fhaisn\u00e9is bhreise a shol\u00e1thar.<\/li>\n<li><strong>Srian a chur<\/strong> le pr\u00f3ise\u00e1il do chuid faisn\u00e9ise pearsanta i gc\u00fains\u00ed teoranta \u00e1irithe (m.sh. m\u00e1 chuir t\u00fa in aghaidh cruinneas do shonra\u00ed pearsanta, ar feadh tr\u00e9imhse a chuireann ar \u00e1r gcumas cruinneas a fh\u00edor\u00fa).<\/li>\n<li>Gan a bheith faoi r\u00e9ir cinnidh at\u00e1 bunaithe go hioml\u00e1n ar <strong>phr\u00f3ise\u00e1il uathoibrithe<\/strong> i gc\u00e1s ina mb\u00edonn \u00e9ifeacht dhl\u00edthi\u00fail ag an gcinneadh sin ort n\u00f3 ina gcuireann s\u00e9 isteach go m\u00f3r ort ar shl\u00ed eile. N\u00ed dh\u00e9anaimid cinnt\u00ed uathoibrithe den chine\u00e1l seo.<\/li>\n<\/ul>\n<p>Seans go nd\u00e9anfaimid bearta chun d\u2019aitheantas a fh\u00edor\u00fa. D\u00e9anfaimid \u00e9 seo tr\u00ed thagairt a dh\u00e9anamh do ch\u00f3ipeanna de dhoicim\u00e9id aitheantais inghlactha a shol\u00e1thair t\u00fa.<\/p>\n<h2>Gear\u00e1n a dh\u00e9anamh<\/h2>\n<p>Ar an gc\u00e9ad dul s\u00edos, iarraimid ort t<strong>eagmh\u00e1il dh\u00edreach a dh\u00e9anamh linn<\/strong>\u00a0m\u00e1 t\u00e1 imn\u00ed ort faoin gcaoi a bpr\u00f3ise\u00e1laimid do shonra\u00ed pearsanta. Is f\u00e9idir leat \u00e9 seo a dh\u00e9anamh tr\u00ed r\u00edomhphost a chur chugainn ag:\u00a0<a href=\"mailto:dataprotection@enterprise.gov.ie\">dataprotection@enterprise.gov.ie<\/a>.<\/p>\n<p>Is f\u00e9idir leat\u00a0<a href=\"https:\/\/www.dataprotection.ie\/docs\/Making-a-Complaint-to-the-Data-Protection-Commissioner\/r\/18.htm\">gear\u00e1n a dh\u00e9anamh<\/a> freisin leis an\u00a0<a href=\"https:\/\/www.dataprotection.ie\/docs\/Home\/4.htm\">Coimisi\u00fan um Chosaint Sonra\u00ed (DPC)<\/a>\u00a0m\u00e1 t\u00e1 imn\u00ed ort faoin gcaoi a bpr\u00f3ise\u00e1laimid do shonra\u00ed pearsanta.<\/p>\n<h2>Athruithe ar an r\u00e1iteas cosanta sonra\u00ed seo<\/h2>\n<p>M\u00e1 dh\u00e9anaimid aon athruithe ar \u00e1r r\u00e1iteas um chosaint sonra\u00ed amach anseo, cuirfear an leagan is d\u00e9ana\u00ed d\u00e1r r\u00e1iteas suas ar \u00e1r su\u00edomh Gr\u00e9as\u00e1in. M\u00e1s mian leat tuilleadh eolais a fh\u00e1il faoin r\u00e1iteas seo, d\u00e9an teagmh\u00e1il linn le do thoil ag:\u00a0<a href=\"mailto:info@growdigital.gov.ie\">info@growdigital.gov.ie<\/a>.<\/p>\n","protected":false},"excerpt":{"rendered":"<p>R\u00e1iteas um Chosaint Sonra\u00ed T\u00e1 do phr\u00edobh\u00e1ideachas t\u00e1bhachtach d\u00fainn, agus t\u00e1imid tiomanta go hioml\u00e1n do chuid faisn\u00e9ise pearsanta a choinne\u00e1il s\u00e1bh\u00e1ilte. T\u00e1 s\u00e9 mar aidhm ag an r\u00e1iteas cosanta sonra\u00ed seo faisn\u00e9is a shol\u00e1thar duit faoin bhfaisn\u00e9is phearsanta a bhail\u00edmid f\u00fat agus conas a \u00fas\u00e1idtear agus a roinntear an fhaisn\u00e9is sin. Leagann s\u00e9 amach freisin [&hellip;]<\/p>\n","protected":false},"author":60,"featured_media":0,"parent":0,"menu_order":0,"comment_status":"closed","ping_status":"closed","template":"","meta":{"_acf_changed":false,"footnotes":""},"class_list":["post-1375","page","type-page","status-publish","hentry"],"acf":[],"yoast_head":"<!-- This site is optimized with the Yoast SEO plugin v27.4 - https:\/\/yoast.com\/product\/yoast-seo-wordpress\/ -->\n<title>Your Data Privacy Matters | Grow Digital<\/title>\n<meta name=\"description\" content=\"Learn how we safeguard your information. Explore our commitment to data privacy and security for a trust-based digital transformation.\" \/>\n<meta name=\"robots\" content=\"index, follow, max-snippet:-1, max-image-preview:large, max-video-preview:-1\" \/>\n<link rel=\"canonical\" href=\"https:\/\/www.growdigital.gov.ie\/ga\/data-privacy\/\" \/>\n<meta property=\"og:locale\" content=\"ga_IE\" \/>\n<meta property=\"og:type\" content=\"article\" \/>\n<meta property=\"og:title\" content=\"Your Data Privacy Matters | Grow Digital\" \/>\n<meta property=\"og:description\" content=\"Learn how we safeguard your information. Explore our commitment to data privacy and security for a trust-based digital transformation.\" \/>\n<meta property=\"og:url\" content=\"https:\/\/www.growdigital.gov.ie\/ga\/data-privacy\/\" \/>\n<meta property=\"og:site_name\" content=\"Grow Digital\" \/>\n<meta property=\"article:modified_time\" content=\"2024-07-22T07:02:15+00:00\" \/>\n<meta property=\"og:image\" content=\"https:\/\/www.growdigital.gov.ie\/wp-content\/uploads\/2023\/10\/results-look2.png\" \/>\n\t<meta property=\"og:image:width\" content=\"464\" \/>\n\t<meta property=\"og:image:height\" content=\"318\" \/>\n\t<meta property=\"og:image:type\" content=\"image\/png\" \/>\n<meta name=\"twitter:card\" content=\"summary_large_image\" \/>\n<meta name=\"twitter:label1\" content=\"Est. reading time\" \/>\n\t<meta name=\"twitter:data1\" content=\"5 minutes\" \/>\n<script type=\"application\/ld+json\" class=\"yoast-schema-graph\">{\"@context\":\"https:\\\/\\\/schema.org\",\"@graph\":[{\"@type\":\"WebPage\",\"@id\":\"https:\\\/\\\/www.growdigital.gov.ie\\\/ga\\\/data-privacy\\\/\",\"url\":\"https:\\\/\\\/www.growdigital.gov.ie\\\/ga\\\/data-privacy\\\/\",\"name\":\"Your Data Privacy Matters | Grow Digital\",\"isPartOf\":{\"@id\":\"https:\\\/\\\/www.growdigital.gov.ie\\\/#website\"},\"datePublished\":\"2023-08-11T04:18:22+00:00\",\"dateModified\":\"2024-07-22T07:02:15+00:00\",\"description\":\"Learn how we safeguard your information. Explore our commitment to data privacy and security for a trust-based digital transformation.\",\"breadcrumb\":{\"@id\":\"https:\\\/\\\/www.growdigital.gov.ie\\\/ga\\\/data-privacy\\\/#breadcrumb\"},\"inLanguage\":\"ga-IE\",\"potentialAction\":[{\"@type\":\"ReadAction\",\"target\":[\"https:\\\/\\\/www.growdigital.gov.ie\\\/ga\\\/data-privacy\\\/\"]}]},{\"@type\":\"BreadcrumbList\",\"@id\":\"https:\\\/\\\/www.growdigital.gov.ie\\\/ga\\\/data-privacy\\\/#breadcrumb\",\"itemListElement\":[{\"@type\":\"ListItem\",\"position\":1,\"name\":\"Home\",\"item\":\"https:\\\/\\\/www.growdigital.gov.ie\\\/ga\\\/\"},{\"@type\":\"ListItem\",\"position\":2,\"name\":\"R\u00e1iteas Pr\u00edobh\u00e1ideachta\"}]},{\"@type\":\"WebSite\",\"@id\":\"https:\\\/\\\/www.growdigital.gov.ie\\\/#website\",\"url\":\"https:\\\/\\\/www.growdigital.gov.ie\\\/\",\"name\":\"Grow Digital\",\"description\":\"Digital toolkit for every business\",\"publisher\":{\"@id\":\"https:\\\/\\\/www.growdigital.gov.ie\\\/#organization\"},\"alternateName\":\"Grow Digital - Digital toolkit for every business\",\"potentialAction\":[{\"@type\":\"SearchAction\",\"target\":{\"@type\":\"EntryPoint\",\"urlTemplate\":\"https:\\\/\\\/www.growdigital.gov.ie\\\/?s={search_term_string}\"},\"query-input\":{\"@type\":\"PropertyValueSpecification\",\"valueRequired\":true,\"valueName\":\"search_term_string\"}}],\"inLanguage\":\"ga-IE\"},{\"@type\":\"Organization\",\"@id\":\"https:\\\/\\\/www.growdigital.gov.ie\\\/#organization\",\"name\":\"Grow Digital\",\"alternateName\":\"Grow Digital - Digital toolkit for every business\",\"url\":\"https:\\\/\\\/www.growdigital.gov.ie\\\/\",\"logo\":{\"@type\":\"ImageObject\",\"inLanguage\":\"ga-IE\",\"@id\":\"https:\\\/\\\/www.growdigital.gov.ie\\\/#\\\/schema\\\/logo\\\/image\\\/\",\"url\":\"https:\\\/\\\/www.growdigital.gov.ie\\\/wp-content\\\/uploads\\\/2023\\\/11\\\/Grow-Digital-Logo-background.webp\",\"contentUrl\":\"https:\\\/\\\/www.growdigital.gov.ie\\\/wp-content\\\/uploads\\\/2023\\\/11\\\/Grow-Digital-Logo-background.webp\",\"width\":599,\"height\":455,\"caption\":\"Grow Digital\"},\"image\":{\"@id\":\"https:\\\/\\\/www.growdigital.gov.ie\\\/#\\\/schema\\\/logo\\\/image\\\/\"}}]}<\/script>\n<!-- \/ Yoast SEO plugin. -->","yoast_head_json":{"title":"Your Data Privacy Matters | Grow Digital","description":"Learn how we safeguard your information. Explore our commitment to data privacy and security for a trust-based digital transformation.","robots":{"index":"index","follow":"follow","max-snippet":"max-snippet:-1","max-image-preview":"max-image-preview:large","max-video-preview":"max-video-preview:-1"},"canonical":"https:\/\/www.growdigital.gov.ie\/ga\/data-privacy\/","og_locale":"ga_IE","og_type":"article","og_title":"Your Data Privacy Matters | Grow Digital","og_description":"Learn how we safeguard your information. Explore our commitment to data privacy and security for a trust-based digital transformation.","og_url":"https:\/\/www.growdigital.gov.ie\/ga\/data-privacy\/","og_site_name":"Grow Digital","article_modified_time":"2024-07-22T07:02:15+00:00","og_image":[{"width":464,"height":318,"url":"https:\/\/www.growdigital.gov.ie\/wp-content\/uploads\/2023\/10\/results-look2.png","type":"image\/png"}],"twitter_card":"summary_large_image","twitter_misc":{"Est. reading time":"5 minutes"},"schema":{"@context":"https:\/\/schema.org","@graph":[{"@type":"WebPage","@id":"https:\/\/www.growdigital.gov.ie\/ga\/data-privacy\/","url":"https:\/\/www.growdigital.gov.ie\/ga\/data-privacy\/","name":"Your Data Privacy Matters | Grow Digital","isPartOf":{"@id":"https:\/\/www.growdigital.gov.ie\/#website"},"datePublished":"2023-08-11T04:18:22+00:00","dateModified":"2024-07-22T07:02:15+00:00","description":"Learn how we safeguard your information. Explore our commitment to data privacy and security for a trust-based digital transformation.","breadcrumb":{"@id":"https:\/\/www.growdigital.gov.ie\/ga\/data-privacy\/#breadcrumb"},"inLanguage":"ga-IE","potentialAction":[{"@type":"ReadAction","target":["https:\/\/www.growdigital.gov.ie\/ga\/data-privacy\/"]}]},{"@type":"BreadcrumbList","@id":"https:\/\/www.growdigital.gov.ie\/ga\/data-privacy\/#breadcrumb","itemListElement":[{"@type":"ListItem","position":1,"name":"Home","item":"https:\/\/www.growdigital.gov.ie\/ga\/"},{"@type":"ListItem","position":2,"name":"R\u00e1iteas Pr\u00edobh\u00e1ideachta"}]},{"@type":"WebSite","@id":"https:\/\/www.growdigital.gov.ie\/#website","url":"https:\/\/www.growdigital.gov.ie\/","name":"Grow Digital","description":"Digital toolkit for every business","publisher":{"@id":"https:\/\/www.growdigital.gov.ie\/#organization"},"alternateName":"Grow Digital - Digital toolkit for every business","potentialAction":[{"@type":"SearchAction","target":{"@type":"EntryPoint","urlTemplate":"https:\/\/www.growdigital.gov.ie\/?s={search_term_string}"},"query-input":{"@type":"PropertyValueSpecification","valueRequired":true,"valueName":"search_term_string"}}],"inLanguage":"ga-IE"},{"@type":"Organization","@id":"https:\/\/www.growdigital.gov.ie\/#organization","name":"Grow Digital","alternateName":"Grow Digital - Digital toolkit for every business","url":"https:\/\/www.growdigital.gov.ie\/","logo":{"@type":"ImageObject","inLanguage":"ga-IE","@id":"https:\/\/www.growdigital.gov.ie\/#\/schema\/logo\/image\/","url":"https:\/\/www.growdigital.gov.ie\/wp-content\/uploads\/2023\/11\/Grow-Digital-Logo-background.webp","contentUrl":"https:\/\/www.growdigital.gov.ie\/wp-content\/uploads\/2023\/11\/Grow-Digital-Logo-background.webp","width":599,"height":455,"caption":"Grow Digital"},"image":{"@id":"https:\/\/www.growdigital.gov.ie\/#\/schema\/logo\/image\/"}}]}},"_links":{"self":[{"href":"https:\/\/www.growdigital.gov.ie\/ga\/wp-json\/wp\/v2\/pages\/1375","targetHints":{"allow":["GET"]}}],"collection":[{"href":"https:\/\/www.growdigital.gov.ie\/ga\/wp-json\/wp\/v2\/pages"}],"about":[{"href":"https:\/\/www.growdigital.gov.ie\/ga\/wp-json\/wp\/v2\/types\/page"}],"author":[{"embeddable":true,"href":"https:\/\/www.growdigital.gov.ie\/ga\/wp-json\/wp\/v2\/users\/60"}],"replies":[{"embeddable":true,"href":"https:\/\/www.growdigital.gov.ie\/ga\/wp-json\/wp\/v2\/comments?post=1375"}],"version-history":[{"count":8,"href":"https:\/\/www.growdigital.gov.ie\/ga\/wp-json\/wp\/v2\/pages\/1375\/revisions"}],"predecessor-version":[{"id":1585,"href":"https:\/\/www.growdigital.gov.ie\/ga\/wp-json\/wp\/v2\/pages\/1375\/revisions\/1585"}],"wp:attachment":[{"href":"https:\/\/www.growdigital.gov.ie\/ga\/wp-json\/wp\/v2\/media?parent=1375"}],"curies":[{"name":"wp","href":"https:\/\/api.w.org\/{rel}","templated":true}]}}